{"id":5375,"date":"2024-01-31T09:59:44","date_gmt":"2024-01-31T07:59:44","guid":{"rendered":"https:\/\/rif.gdu.edu.az\/?page_id=5375"},"modified":"2025-02-24T13:11:53","modified_gmt":"2025-02-24T11:11:53","slug":"informatika-v%c9%99-c%c9%99br-7","status":"publish","type":"page","link":"https:\/\/rif.gdu.edu.az\/?page_id=5375","title":{"rendered":"\u0130nformatika v\u0259 C\u0259br"},"content":{"rendered":"\n<p class=\"has-text-align-center has-medium-font-size\"><strong>Mehdiyeva Leyla El\u00e7in q\u0131z\u0131<\/strong><\/p>\n\n\n<div class=\"wp-block-image\">\n<figure class=\"aligncenter size-full is-resized\"><img loading=\"lazy\" decoding=\"async\" width=\"154\" height=\"236\" src=\"https:\/\/rif.gdu.edu.az\/wp-content\/uploads\/2024\/01\/M.Leyla_.jpg\" alt=\"\" class=\"wp-image-5376\" style=\"width:244px;height:374px\"\/><\/figure><\/div>\n\n\n<p class=\"has-medium-font-size\"><strong>QISA B\u0130OQRAF\u0130K M\u018fLUMAT<\/strong><\/p>\n\n\n\n<p class=\"has-medium-font-size\">6 oktyabr 1995-ci ild\u0259 G\u0259nc\u0259 \u015f\u0259h\u0259rind\u0259 anadan olmu\u015fdur.<\/p>\n\n\n\n<p class=\"has-medium-font-size\">2012-ci ild\u0259n Yeni Az\u0259rbaycan Partiyas\u0131n\u0131n \u00fczv\u00fcd\u00fcr.<\/p>\n\n\n\n<p class=\"has-medium-font-size\"><strong>Telefon: <\/strong>+994558931220&nbsp;&nbsp;<\/p>\n\n\n\n<p class=\"has-medium-font-size\"><strong>E-mail : <\/strong>n.leyla95@mail.ru<\/p>\n\n\n\n<p class=\"has-medium-font-size\"><strong>T\u018fHS\u0130L\u0130, ELM\u0130 D\u018fR\u018fC\u018fS\u0130 V\u018f ELM\u0130 ADLARI<\/strong><\/p>\n\n\n\n<p class=\"has-medium-font-size\">2001-2012-ci ill\u0259rd\u0259 G\u0259nc\u0259 \u015f\u0259h\u0259ri 4 sayl\u0131 tam orta m\u0259kt\u0259bd\u0259 t\u0259hsil alm\u0131\u015fd\u0131r.<\/p>\n\n\n\n<p class=\"has-medium-font-size\">2012-2016-ci ill\u0259rd\u0259 G\u0259nc\u0259 D\u00f6vl\u0259t Universitetinin Riyaziyyat-\u0130nformatika fak\u00fclt\u0259sinin \u201cRiyaziyyat v\u0259 informatika m\u00fc\u0259llimliyi\u201d ixtisas\u0131nda t\u0259hsil alm\u0131\u015f v\u0259 f\u0259rql\u0259nm\u0259 diplomu il\u0259 bitirmi\u015fdir.<\/p>\n\n\n\n<p class=\"has-medium-font-size\">2016-2018-ci ill\u0259rd\u0259 G\u0259nc\u0259 D\u00f6vl\u0259t Universitetinin \u201c\u0130nformatika m\u00fc\u0259llimliyi\u201d ixtisas\u0131 \u00fczr\u0259 magistr d\u0259r\u0259c\u0259sini f\u0259rql\u0259nm\u0259 diplomu il\u0259 bitirmi\u015fdir.<\/p>\n\n\n\n<p class=\"has-medium-font-size\">2019-cu ild\u0259 G\u0259nc\u0259 D\u00f6vl\u0259t Universitetinin 5801.01 &#8211; \u201cT\u0259lim v\u0259 t\u0259rbiy\u0259nin n\u0259z\u0259riyy\u0259si v\u0259 (\u0130nformatikan\u0131n t\u0259drisi metodikas\u0131)\u201d ixtisas\u0131 \u00fczr\u0259 doktoranturaya q\u0259bul olub, hal-haz\u0131rda elmi i\u015f \u00fcz\u0259rind\u0259 i\u015fl\u0259yir.<\/p>\n\n\n\n<p class=\"has-medium-font-size\"><strong>\u018fM\u018fK F\u018fAL\u0130YY\u018fT\u0130<\/strong><\/p>\n\n\n\n<p class=\"has-medium-font-size\">2019-cu ild\u0259n G\u0259nc\u0259 D\u00f6vl\u0259t Universitetinin \u0130nformatika v\u0259 C\u0259br kafedras\u0131nda m\u00fc\u0259llim kimi \u00e7al\u0131\u015f\u0131r.<\/p>\n\n\n\n<p class=\"has-medium-font-size\">\u201dProqramla\u015fd\u0131rma dill\u0259ri-1\u201d,&nbsp; \u201cProqramla\u015fd\u0131rma dill\u0259ri-2\u201d,&nbsp; \u201c\u0130nformatika v\u0259 T\u0259hsild\u0259 \u0130KT\u201d, &nbsp;\u201d\u0130nformasiyan\u0131n n\u0259z\u0259ri \u0259saslar\u0131\u201d,&nbsp; \u201dVeril\u0259nl\u0259r bazas\u0131(Elektron c\u0259dv\u0259ll\u0259r)\u201d,&nbsp; \u201c\u0130nformatikan\u0131n T\u0259drisi Metodikas\u0131\u201d, \u201c \u0130nformatika\u201d, \u201c\u018fS v\u0259 komp\u00fcterin arxitekturas\u0131\u201d, \u201cT\u0259tbiqi proqram paketl\u0259ri \u201c, \u201c\u0130nformasiyan\u0131n idar\u0259 edilm\u0259si\u201d v\u0259 s. f\u0259nnl\u0259ri \u00fczr\u0259 seminar v\u0259 laboratoriya d\u0259rsl\u0259ri apar\u0131r.<\/p>\n\n\n\n<p class=\"has-medium-font-size\"><strong>T\u018fDQ\u0130QAT SAH\u018fS\u0130<\/strong><\/p>\n\n\n\n<p class=\"has-medium-font-size\">\u201cAli m\u0259kt\u0259bl\u0259rin informatika&nbsp; m\u00fc\u0259llimliyi &nbsp;ixtisas\u0131nda oxuyan t\u0259l\u0259b\u0259l\u0259rin\u0259 proqramla\u015fd\u0131rma &nbsp;dill\u0259rinin m\u00fcqayis\u0259li \u00f6yr\u0259dilm\u0259si \u00fczr\u0259 i\u015fin sistemi.\u201d<\/p>\n\n\n\n<p class=\"has-medium-font-size\"><strong>BEYN\u018fLXALQ SEM\u0130NAR, S\u0130MPOZ\u0130UM V\u018f KONFRANSLARDA \u0130\u015eT\u0130RAKI<\/strong><\/p>\n\n\n\n<p class=\"has-medium-font-size\">10-dan art\u0131q beyn\u0259lxalq v\u0259 respublika elmi konfranslar\u0131nda m\u00fcxt\u0259lif m\u00f6vzulu m\u0259ruz\u0259l\u0259rl\u0259 \u00e7\u0131x\u0131\u015f etmi\u015fdir.<\/p>\n\n\n\n<p class=\"has-medium-font-size\"><strong><br>SE\u00c7\u0130LM\u0130\u015e \u018fS\u018fRL\u018fR\u0130<\/strong><\/p>\n\n\n\n<p class=\"has-medium-font-size\">1. \u201c\u0130nformasiya-t\u0259hsil m\u00fchitinin yarad\u0131lmas\u0131 \u015f\u0259rtl\u0259ri\u201d-&nbsp;&nbsp; <strong>Bak\u0131 Slavyan Universiteti, Humanitar elml\u0259rin \u00f6yr\u0259nilm\u0259sinin aktual probleml\u0259ri, <\/strong>\u2116 6, Bak\u0131 2019.&nbsp;&nbsp;&nbsp;&nbsp;<\/p>\n\n\n\n<p class=\"has-medium-font-size\">2. \u201c<a>C++proqramla\u015fd\u0131rma dilind\u0259<\/a> obyektl\u0259rin&nbsp; t\u0259sviri \u201d- Az\u0259rbaycan Respublikas\u0131 T\u0259hsil \u0130nstitutu,&nbsp; Elmi \u0259s\u0259rl\u0259r, \u2116 5, Bak\u0131 2021&nbsp;&nbsp;&nbsp;&nbsp;&nbsp;&nbsp;&nbsp;<\/p>\n\n\n\n<p class=\"has-medium-font-size\">3. \u201cC++ dilind\u0259 sinif tipinin varislik x\u00fcsusiyy\u0259tl\u0259ri\u201d- Bak\u0131 &nbsp;Qizlar Universiteti,&nbsp; Elmi \u0259s\u0259rl\u0259r, &nbsp;&nbsp;Bak\u0131 2021&nbsp;&nbsp;&nbsp;&nbsp;&nbsp;&nbsp;&nbsp;&nbsp;&nbsp;&nbsp;<\/p>\n\n\n\n<p class=\"has-medium-font-size\">4. \u201cModernization of teaching methods in the Higher School with taking into account the distinctive features of modern students as representatives of the \u201cdigital generation\u201d \u201d &#8211; Procedia Environmental Science, Engineering and Management, &nbsp; Istanbul, Turkey, 2021.<\/p>\n\n\n\n<p class=\"has-medium-font-size\">5. \u201cPython proqramla\u015fd\u0131rma dilinin m\u00fcqayis\u0259li \u00f6yr\u0259dilm\u0259si t\u0259cr\u00fcb\u0259sind\u0259n&nbsp; \u201d- AMEA-n\u0131n X\u0259b\u0259rl\u0259r m\u0259cmu\u0259si, Pedaqoji elml\u0259r seriyas\u0131,&nbsp; \u21161(3), 2021<\/p>\n\n\n\n<p class=\"has-medium-font-size\">6. \u201cM\u00fcasir proqramla\u015fd\u0131rma dill\u0259rinin m\u00fcqayis\u0259li \u00f6yr\u0259dilm\u0259si imkanlar\u0131\u201d &#8211; Az\u0259rbaycan Respublikas\u0131 T\u0259hsil \u0130nstitutu,&nbsp; Elmi \u0259s\u0259rl\u0259r, &nbsp;&nbsp;\u2116 2, Bak\u0131 2023&nbsp;<\/p>\n\n\n\n<p class=\"has-medium-font-size\">7. \u201cAli m\u0259kt\u0259bl\u0259rin informatika m\u00fc\u0259llimliyi ixtisas\u0131nda t\u0259dris proqramlar\u0131 v\u0259 d\u0259rslikl\u0259rin problem bax\u0131m\u0131ndan t\u0259hlili\u201d &#8211; Az\u0259rbaycan Respublikas\u0131 T\u0259hsil \u0130nstitutu,&nbsp; Elmi \u0259s\u0259rl\u0259r, &nbsp;\u2116 3, Bak\u0131 2023&nbsp;&nbsp;&nbsp;&nbsp;&nbsp;&nbsp;&nbsp;&nbsp;&nbsp;<\/p>\n\n\n\n<p class=\"has-medium-font-size\">8. \u201c\u0412\u043e\u0437\u043c\u043e\u0436\u043d\u043e\u0441\u0442\u0438 \u0441\u0440\u0430\u0432\u043d\u0438 -\u0442\u0435\u043b\u044c\u043d\u043e\u0433\u043e \u043e\u0431\u0443\u0447\u0435\u043d\u0438\u044f \u0441\u043e\u0432\u0440\u0435\u043c\u0435\u043d\u043d\u044b\u043c \u044f\u0437\u044b\u043a\u0430\u043c \u043f\u0440\u043e\u0433\u0440\u0430\u043c\u043c\u0438\u0440\u043e\u0432\u0430\u043d\u0438\u044f \u201d &#8211; \u0415\u043a\u0430\u0442\u0435\u0440\u0438\u043d\u0431\u0443\u0440\u0433: \u041d\u0430\u0443\u0447\u043d\u044b\u0439 \u0436\u0443\u0440\u043d\u0430\u043b Continium. \u041e\u0431\u0440\u0430\u0437\u043e\u0432\u0430\u043d\u0438\u0435 \u0438 \u043d\u0430\u0443\u043a\u0430 , \u21164, 2023<\/p>\n\n\n\n<p class=\"has-medium-font-size\">9. \u201cF\u0259rdi komp\u00fcterl\u0259rd\u0259 fayllarin m\u00fchafiz\u0259si&nbsp; \u201d &#8211; Az\u0259rbaycan xalq\u0131n\u0131n \u00dcmummilli lideri Heyd\u0259r \u018fliyevin anadan olmas\u0131n\u0131n 95-ci ild\u00f6n\u00fcm\u00fcn\u0259 h\u0259sr olunmu\u015f \u201cMagistrantlar\u0131n XVIII Respublika Elmi Konfrans\u0131n\u0131n Materiallar\u0131\u201d. Sumqay\u0131t, 2018<\/p>\n\n\n\n<p class=\"has-medium-font-size\">10. \u201c \u0422he role of innovative activities in the formation of the pedagogical competences of teachers\u201d &#8211; European Research: Innovation In Science, Education And Technology,&nbsp; Collection Of Scientific Articles. LVI International Correspondence Scientific And Practical Conference. -London, United Kingdom, 2019<\/p>\n\n\n\n<p class=\"has-medium-font-size\">11. \u201cWays of development of teacher\u2019s pedagogical competencies during innovation.\u201d &#8211; The 6th International youth conference \u201cPerspectives of science and education\u201d. -New York, USA, SLOVO\\WORD, 2019.<\/p>\n\n\n\n<p class=\"has-medium-font-size\">12.\u201d \u0412\u043e\u0437\u043c\u043e\u0436\u043d\u043e\u0441\u0442\u0438 \u0441\u0440\u0430\u0432\u043d\u0438 -\u0442\u0435\u043b\u044c\u043d\u043e\u0433\u043e \u043e\u0431\u0443\u0447\u0435\u043d\u0438\u044f \u0441\u043e\u0432\u0440\u0435\u043c\u0435\u043d\u043d\u044b\u043c \u044f\u0437\u044b\u043a\u0430\u043c \u043f\u0440\u043e\u0433\u0440\u0430\u043c\u043c\u0438\u0440\u043e\u0432\u0430\u043d\u0438\u044f\u201d &#8211;&nbsp; <strong>XII<\/strong><strong> \u041c\u0435\u0436\u0434\u0443\u043d\u0430\u0440\u043e\u0434\u043d\u0430\u044f \u043d\u0430\u0443\u0447\u043d\u043e-\u043f\u0440\u0430\u043a\u0442\u0438\u0447\u0435\u0441\u043a\u0430\u044f \u043a\u043e\u043d\u0444\u0435\u0440\u0435\u043d\u0446\u0438\u044f: \u00ab\u0421\u043e\u0432\u0440\u0435\u043c\u0435\u043d\u043d\u044b\u0435 \u0438\u043d\u043d\u043e\u0432\u0430\u0446\u0438\u0438: \u0442\u0435\u043e\u0440\u0438\u044f \u0438 \u043f\u0440\u0430\u043a\u0442\u0438\u043a\u0430 \u0441\u043e\u0432\u0440\u0435\u043c\u0435\u043d\u043d\u043e\u0439 \u043d\u0430\u0443\u043a\u0438\u00bb<\/strong><strong>. &#8211;<\/strong><strong>\u041c\u043e\u0441\u043a\u0432\u0430, \u0420\u043e\u0441\u0441\u0438\u044f<\/strong><strong> 2023. <\/strong><strong><\/strong><\/p>\n","protected":false},"excerpt":{"rendered":"<p>Mehdiyeva Leyla El\u00e7in q\u0131z\u0131 QISA B\u0130OQRAF\u0130K M\u018fLUMAT 6 oktyabr 1995-ci ild\u0259 G\u0259nc\u0259 \u015f\u0259h\u0259rind\u0259 anadan olmu\u015fdur. 2012-ci ild\u0259n Yeni Az\u0259rbaycan Partiyas\u0131n\u0131n \u00fczv\u00fcd\u00fcr. Telefon: +994558931220&nbsp;&nbsp; E-mail : n.leyla95@mail.ru T\u018fHS\u0130L\u0130, ELM\u0130 D\u018fR\u018fC\u018fS\u0130 V\u018f ELM\u0130 ADLARI 2001-2012-ci ill\u0259rd\u0259 G\u0259nc\u0259 \u015f\u0259h\u0259ri 4 sayl\u0131 tam orta m\u0259kt\u0259bd\u0259 t\u0259hsil alm\u0131\u015fd\u0131r. 2012-2016-ci ill\u0259rd\u0259 G\u0259nc\u0259 D\u00f6vl\u0259t Universitetinin Riyaziyyat-\u0130nformatika fak\u00fclt\u0259sinin \u201cRiyaziyyat v\u0259 informatika m\u00fc\u0259llimliyi\u201d ixtisas\u0131nda<\/p>\n<p><a href=\"https:\/\/rif.gdu.edu.az\/?page_id=5375\" class=\"more-link themebutton\">Daha \u0259trafl\u0131<\/a><\/p>\n","protected":false},"author":4,"featured_media":0,"parent":0,"menu_order":0,"comment_status":"closed","ping_status":"closed","template":"","meta":{"footnotes":""},"class_list":["post-5375","page","type-page","status-publish","hentry"],"_links":{"self":[{"href":"https:\/\/rif.gdu.edu.az\/index.php?rest_route=\/wp\/v2\/pages\/5375","targetHints":{"allow":["GET"]}}],"collection":[{"href":"https:\/\/rif.gdu.edu.az\/index.php?rest_route=\/wp\/v2\/pages"}],"about":[{"href":"https:\/\/rif.gdu.edu.az\/index.php?rest_route=\/wp\/v2\/types\/page"}],"author":[{"embeddable":true,"href":"https:\/\/rif.gdu.edu.az\/index.php?rest_route=\/wp\/v2\/users\/4"}],"replies":[{"embeddable":true,"href":"https:\/\/rif.gdu.edu.az\/index.php?rest_route=%2Fwp%2Fv2%2Fcomments&post=5375"}],"version-history":[{"count":2,"href":"https:\/\/rif.gdu.edu.az\/index.php?rest_route=\/wp\/v2\/pages\/5375\/revisions"}],"predecessor-version":[{"id":6911,"href":"https:\/\/rif.gdu.edu.az\/index.php?rest_route=\/wp\/v2\/pages\/5375\/revisions\/6911"}],"wp:attachment":[{"href":"https:\/\/rif.gdu.edu.az\/index.php?rest_route=%2Fwp%2Fv2%2Fmedia&parent=5375"}],"curies":[{"name":"wp","href":"https:\/\/api.w.org\/{rel}","templated":true}]}}