{"id":370,"date":"2015-12-17T16:26:52","date_gmt":"2015-12-17T14:26:52","guid":{"rendered":"http:\/\/rif.gdu.edu.az\/?page_id=370"},"modified":"2025-09-09T18:05:11","modified_gmt":"2025-09-09T16:05:11","slug":"t%c9%99l%c9%99b%c9%99-t%c9%99skilati","status":"publish","type":"page","link":"https:\/\/rif.gdu.edu.az\/?page_id=370","title":{"rendered":"T\u0259l\u0259b\u0259 t\u0259\u015fkilatlar\u0131"},"content":{"rendered":"\n<h1 class=\"wp-block-heading\"><em><strong>T\u018fL\u018fB\u018f&nbsp; ELM\u0130&nbsp; C\u018fM\u0130YY\u018fT\u0130<\/strong><\/em><\/h1>\n\n\n\n<h1 class=\"wp-block-heading\"><figure><img loading=\"lazy\" decoding=\"async\" class=\"wp-image-6126 aligncenter\" src=\"http:\/\/rif.gdu.edu.az\/wp-content\/uploads\/2024\/05\/1.jpg\" alt=\"\" width=\"402\" height=\"512\"><\/figure><\/h1>\n\n\n\n<h2 class=\"wp-block-heading\"><strong>S\u018fF\u018fROVA&nbsp; FAM\u0130L\u018f&nbsp; BAYRAM q\u0131z\u0131 <\/strong><\/h2>\n\n\n\n<h2 class=\"wp-block-heading\"><strong>Riyaziyyat v\u0259 informatika fak\u00fclt\u0259sinin T\u0259l\u0259b\u0259 Elmi C\u0259miyy\u0259tinin s\u0259dri<\/strong><\/h2>\n\n\n\n<h3 class=\"wp-block-heading\"><strong>29.05.2006 tarixind\u0259 Goranboy rayonu Qarada\u011fl\u0131 k\u0259ndind\u0259 anadan olmu\u015fdur. 2012-ci ild\u0259 Goranboy rayonu M.S\u0259f\u0259rov ad\u0131na Qarada\u011fl\u0131 k\u0259nd tam orta m\u0259kt\u0259bin\u0259 daxil olub, x\u0259ms\u0259 intellektual oyununda v\u0259 m\u0259kt\u0259bl\u0259raras\u0131 yar\u0131\u015flarda i\u015ftirak etmi\u015f, f\u0259xri f\u0259rmanlar v\u0259 diplomlarala t\u0259ltif olunmu\u015fdur. 2023-c\u00fc il h\u0259min m\u0259kt\u0259bd\u0259n m\u0259zun olub, 480 bal y\u0131\u011faraq G\u0259nc\u0259 D\u00f6vl\u0259t Universiteti Riyaziyyat v\u0259 \u0130nformatika fak\u00fclt\u0259sinin Komp\u00fcter Elml\u0259ri ixtisas\u0131na q\u0259bul olub.<\/strong><\/h3>\n\n\n\n<h1 class=\"wp-block-heading\"><strong><em>T\u018fL\u018fB\u018f&nbsp; G\u018fNCL\u018fR&nbsp;<\/em><\/strong><strong><em> T\u018f\u015eK\u0130LATI<\/em><\/strong><\/h1>\n\n\n<div class=\"wp-block-image\">\n<figure class=\"aligncenter\"><img loading=\"lazy\" decoding=\"async\" width=\"1047\" height=\"1229\" src=\"http:\/\/rif.gdu.edu.az\/wp-content\/uploads\/2023\/12\/WhatsApp-Image-2023-12-06-at-11.00.27.jpeg\" alt=\"\" class=\"wp-image-5080\" srcset=\"https:\/\/rif.gdu.edu.az\/wp-content\/uploads\/2023\/12\/WhatsApp-Image-2023-12-06-at-11.00.27.jpeg 1047w, https:\/\/rif.gdu.edu.az\/wp-content\/uploads\/2023\/12\/WhatsApp-Image-2023-12-06-at-11.00.27-768x902.jpeg 768w\" sizes=\"auto, (max-width: 1047px) 100vw, 1047px\" \/><\/figure><\/div>\n\n\n<p><\/p>\n\n\n\n<h2 class=\"wp-block-heading\"><strong>\u0130SMAYILOV&nbsp; \u018fL\u0130&nbsp; AR\u0130F&nbsp; o\u011flu<\/strong><\/h2>\n\n\n\n<h2 class=\"wp-block-heading\"><strong>Riyaziyyat v\u0259 informatika fak\u00fclt\u0259si T\u0259l\u0259b\u0259 G\u0259ncl\u0259r T\u0259\u015fkilat\u0131 s\u0259dri<\/strong><\/h2>\n\n\n\n<h3 class=\"wp-block-heading\"><strong>2005-ci il\u0259 24 martda Bak\u0131 \u015f\u0259h\u0259rid\u0259 anadan olmu\u015fdur. 2022-ci ild\u0259 G\u0259nc\u0259 \u015f\u0259h\u0259ri 26 sayl\u0131 tam orta m\u0259kt\u0259bi bitirmi\u015fdir. H\u0259min ild\u0259 G\u0259nc\u0259 D\u00f6vl\u0259t Universitetinin Riyaziyyat v\u0259 informatika fak\u00fclt\u0259sinin Riyaziyyat v\u0259 informatika m\u00fc\u0259llimliyi ixtisas\u0131na daxil olmu\u015fdur. Universitet\u0259 daxil oldu\u011fu g\u00fcnd\u0259n ictimai i\u015fl\u0259rl\u0259 f\u0259al m\u0259\u015fgul olmu\u015fdur. 2023-c\u00fc il 24 oktyabrdan Riyaziyyat \u2013 informatika fak\u00fclt\u0259si T\u0259l\u0259b\u0259 G\u0259ncl\u0259r T\u0259\u015fkilat\u0131n\u0131n s\u0259dri se\u00e7ilmi\u015fdir.<\/strong><\/h3>\n\n\n\n<h3 class=\"wp-block-heading\"><strong>Riyaziyyat v\u0259 informatika fak\u00fclt\u0259si T\u0259l\u0259b\u0259 G\u0259ncl\u0259r T\u0259\u015fkilat\u0131 s\u0259drinin m\u00fcavinl\u0259ri:<\/strong><\/h3>\n\n\n\n<h3 class=\"wp-block-heading\"><strong>\u015e\u0259milov Elmir Z\u00fclf\u00fcqar o\u011flu<\/strong><\/h3>\n\n\n\n<h3 class=\"wp-block-heading\"><strong>Qurbanl\u0131 Sadiq Aqil o\u011flu<\/strong><\/h3>\n\n\n\n<h3 class=\"wp-block-heading\"><strong>\u0130smay\u0131lov X\u0259lil Eld\u0259niz o\u011flu<\/strong><\/h3>\n\n\n\n<h1 class=\"wp-block-heading\"><strong><em>T\u018fL\u018fB\u018f&nbsp; H\u018fMKARLAR&nbsp; T\u018f\u015eK\u0130LATI<\/em><\/strong><\/h1>\n\n\n<div class=\"wp-block-image\">\n<figure class=\"aligncenter\"><img loading=\"lazy\" decoding=\"async\" width=\"1001\" height=\"1074\" src=\"http:\/\/rif.gdu.edu.az\/wp-content\/uploads\/2023\/12\/WhatsApp-Image-2023-12-06-at-11.00.10.jpeg\" alt=\"\" class=\"wp-image-5081\" srcset=\"https:\/\/rif.gdu.edu.az\/wp-content\/uploads\/2023\/12\/WhatsApp-Image-2023-12-06-at-11.00.10.jpeg 1001w, https:\/\/rif.gdu.edu.az\/wp-content\/uploads\/2023\/12\/WhatsApp-Image-2023-12-06-at-11.00.10-768x824.jpeg 768w\" sizes=\"auto, (max-width: 1001px) 100vw, 1001px\" \/><\/figure><\/div>\n\n\n<p><\/p>\n\n\n\n<h2 class=\"wp-block-heading\"><strong>PA\u015eAYEVA&nbsp; LEYLA&nbsp; V\u00dcQAR&nbsp; q\u0131z\u0131<\/strong><\/h2>\n\n\n\n<h2 class=\"wp-block-heading\"><strong>Riyaziyyat v\u0259 informatika fak\u00fclt\u0259si T\u0259l\u0259b\u0259 H\u0259mkarlar T\u0259\u015fkilat\u0131 s\u0259dri<\/strong><\/h2>\n\n\n\n<h3 class=\"wp-block-heading\"><strong>2005-ci il 7 fevralda Goranboy rayonu S\u0259fik\u00fcrd k\u0259ndind\u0259 anadan olmu\u015fdur. 2022-ci ild\u0259 Goranboy rayonu S\u0259fik\u00fcrd k\u0259nd tam orta m\u0259kt\u0259bini bitirmi\u015fdir. H\u0259min ild\u0259 G\u0259nc\u0259 D\u00f6vl\u0259t Universitetinin Riyaziyyat v\u0259 informatika fak\u00fclt\u0259sinin \u0130nformatika m\u00fc\u0259llimliyi ixtisas\u0131na daxil olmu\u015fdur. Universitet\u0259 daxil oldu\u011fu g\u00fcnd\u0259n ictimai i\u015fl\u0259rl\u0259 f\u0259al m\u0259\u015fgul olmu\u015fdur. 2023-c\u00fc il 24 oktyabrdan Riyaziyyat v\u0259 informatika fak\u00fclt\u0259si T\u0259l\u0259b\u0259 H\u0259mkarlar T\u0259\u015fkilat\u0131n\u0131n s\u0259dri se\u00e7ilmi\u015fdir.<\/strong><\/h3>\n\n\n\n<h3 class=\"wp-block-heading\"><strong>Riyaziyyat v\u0259 informatika fak\u00fclt\u0259si T\u0259l\u0259b\u0259 H\u0259mkarlar T\u0259\u015fkilat\u0131 s\u0259drinin m\u00fcavinl\u0259ri:<\/strong><\/h3>\n\n\n\n<h3 class=\"wp-block-heading\"><strong>\u0130manov Nicat Nizami o\u011flu<\/strong><\/h3>\n\n\n\n<h3 class=\"wp-block-heading\"><strong>Qarayeva G\u00fcll\u00fc Sar\u0131 q\u0131z\u0131<\/strong><\/h3>\n\n\n\n<h3 class=\"wp-block-heading\"><strong>Allahverdiyev Tural Yaqub o\u011flu<\/strong><\/h3>\n\n\n\n<h3 class=\"wp-block-heading\"><strong>T\u0259l\u0259b\u0259 H\u0259mkarlar T\u0259\u015fkilat\u0131 v\u0259 T\u0259l\u0259b\u0259 G\u0259ncl\u0259r T\u0259\u015fkilat\u0131 sosial y\u00f6n\u00fcml\u00fc t\u0259\u015fkilat olsa da t\u0259l\u0259b\u0259l\u0259rin b\u00fct\u00fcn probleml\u0259ri il\u0259 maraqlan\u0131r, onlar\u0131n asud\u0259 vaxt\u0131n\u0131n s\u0259m\u0259r\u0259li ke\u00e7m\u0259sin\u0259 s\u0259y g\u00f6st\u0259rir. Fak\u00fclt\u0259d\u0259 tez-tez intelektual yar\u0131\u015flar, m\u00fcxt\u0259lif movzularda debatlar ke\u00e7irilir. T\u0259hsilin\u0259 v\u0259 ictimai f\u0259aliyy\u0259tin\u0259 g\u00f6r\u0259 f\u0259rql\u0259n\u0259n t\u0259l\u0259b\u0259l\u0259r m\u00fckafatland\u0131r\u0131l\u0131r. \u0130mkans\u0131z t\u0259l\u0259b\u0259l\u0259rin ehtiyaclar\u0131n\u0131n t\u0259min olunmas\u0131 il\u0259 ba\u011fl\u0131 bir s\u0131ra t\u0259dbirl\u0259r g\u00f6r\u00fclm\u00fc\u015fd\u00fcr. &nbsp;Bundan ba\u015fqa Rektorun icaz\u0259si il\u0259 bayram g\u00fcnl\u0259rind\u0259 kims\u0259siz u\u015faqlar v\u0259 qocalar evl\u0259rin\u0259 ziyar\u0259tl\u0259r t\u0259\u015fkil olunmu\u015fdur v\u0259 bu i\u015fd\u0259 d\u0259 fak\u00fclt\u0259 k\u0259narda qalmam\u0131\u015fd\u0131r. H\u0259m\u00e7inin t\u0259\u015fkilatin idar\u0259 hey\u0259ti i\u00e7timai i\u015fl\u0259rd\u0259 dekanli\u011fa da yaxindan k\u00f6m\u0259klik g\u00f6st\u0259rir.<\/strong><\/h3>\n","protected":false},"excerpt":{"rendered":"<p>T\u018fL\u018fB\u018f&nbsp; ELM\u0130&nbsp; C\u018fM\u0130YY\u018fT\u0130 S\u018fF\u018fROVA&nbsp; FAM\u0130L\u018f&nbsp; BAYRAM q\u0131z\u0131 Riyaziyyat v\u0259 informatika fak\u00fclt\u0259sinin T\u0259l\u0259b\u0259 Elmi C\u0259miyy\u0259tinin s\u0259dri 29.05.2006 tarixind\u0259 Goranboy rayonu Qarada\u011fl\u0131 k\u0259ndind\u0259 anadan olmu\u015fdur. 2012-ci ild\u0259 Goranboy rayonu M.S\u0259f\u0259rov ad\u0131na Qarada\u011fl\u0131 k\u0259nd tam orta m\u0259kt\u0259bin\u0259 daxil olub, x\u0259ms\u0259 intellektual oyununda v\u0259 m\u0259kt\u0259bl\u0259raras\u0131 yar\u0131\u015flarda i\u015ftirak etmi\u015f, f\u0259xri f\u0259rmanlar v\u0259 diplomlarala t\u0259ltif olunmu\u015fdur. 2023-c\u00fc il h\u0259min m\u0259kt\u0259bd\u0259n m\u0259zun<\/p>\n<p><a href=\"https:\/\/rif.gdu.edu.az\/?page_id=370\" class=\"more-link themebutton\">Daha \u0259trafl\u0131<\/a><\/p>\n","protected":false},"author":4,"featured_media":0,"parent":0,"menu_order":0,"comment_status":"closed","ping_status":"closed","template":"","meta":{"footnotes":""},"class_list":["post-370","page","type-page","status-publish","hentry"],"_links":{"self":[{"href":"https:\/\/rif.gdu.edu.az\/index.php?rest_route=\/wp\/v2\/pages\/370","targetHints":{"allow":["GET"]}}],"collection":[{"href":"https:\/\/rif.gdu.edu.az\/index.php?rest_route=\/wp\/v2\/pages"}],"about":[{"href":"https:\/\/rif.gdu.edu.az\/index.php?rest_route=\/wp\/v2\/types\/page"}],"author":[{"embeddable":true,"href":"https:\/\/rif.gdu.edu.az\/index.php?rest_route=\/wp\/v2\/users\/4"}],"replies":[{"embeddable":true,"href":"https:\/\/rif.gdu.edu.az\/index.php?rest_route=%2Fwp%2Fv2%2Fcomments&post=370"}],"version-history":[{"count":10,"href":"https:\/\/rif.gdu.edu.az\/index.php?rest_route=\/wp\/v2\/pages\/370\/revisions"}],"predecessor-version":[{"id":7677,"href":"https:\/\/rif.gdu.edu.az\/index.php?rest_route=\/wp\/v2\/pages\/370\/revisions\/7677"}],"wp:attachment":[{"href":"https:\/\/rif.gdu.edu.az\/index.php?rest_route=%2Fwp%2Fv2%2Fmedia&parent=370"}],"curies":[{"name":"wp","href":"https:\/\/api.w.org\/{rel}","templated":true}]}}